{"id":2114,"date":"2025-03-28T15:19:17","date_gmt":"2025-03-28T19:19:17","guid":{"rendered":"https:\/\/archi.maibec.com\/sustainable-development\/"},"modified":"2026-02-26T12:37:03","modified_gmt":"2026-02-26T17:37:03","slug":"developpement-durable","status":"publish","type":"page","link":"https:\/\/archi.maibec.com\/fr\/developpement-durable\/","title":{"rendered":"D\u00e9veloppement durable"},"content":{"rendered":"\t\t<div data-elementor-type=\"wp-page\" data-elementor-id=\"2114\" class=\"elementor elementor-2114 elementor-1984\" data-elementor-post-type=\"page\">\n\t\t\t\t<div class=\"elementor-element elementor-element-8be14e2 e-con-full e-flex e-con e-parent\" data-id=\"8be14e2\" data-element_type=\"container\">\n\t\t<div class=\"elementor-element elementor-element-389454f e-con-full container e-flex e-con e-child\" data-id=\"389454f\" data-element_type=\"container\">\n\t\t<div class=\"elementor-element elementor-element-2ffdbb3 e-con-full maibec-header-border e-flex e-con e-child\" data-id=\"2ffdbb3\" data-element_type=\"container\">\n\t\t\t\t<div class=\"elementor-element elementor-element-c1b54ba elementor-widget elementor-widget-image\" data-id=\"c1b54ba\" data-element_type=\"widget\" data-widget_type=\"image.default\">\n\t\t\t\t<div class=\"elementor-widget-container\">\n\t\t\t\t\t\t\t\t\t\t\t\t\t\t\t<img decoding=\"async\" src=\"https:\/\/archi.maibec.com\/wp-content\/uploads\/elementor\/thumbs\/pawel-czerwinski-It65_5HA-I4-unsplash-scaled-r6py49c0f84plz18lx2g0fb5p23uk1grjfy9vn5l7k.jpg\" title=\"pawel-czerwinski-It65_5HA-I4-unsplash\" alt=\"pawel-czerwinski-It65_5HA-I4-unsplash\" loading=\"lazy\" \/>\t\t\t\t\t\t\t\t\t\t\t\t\t\t\t<\/div>\n\t\t\t\t<\/div>\n\t\t\t\t<\/div>\n\t\t\t\t<\/div>\n\t\t<div class=\"elementor-element elementor-element-4661995 e-con-full container e-flex e-con e-child\" data-id=\"4661995\" data-element_type=\"container\">\n\t\t\t\t<div class=\"elementor-element elementor-element-d1bdd2a elementor-widget elementor-widget-breadcrumbs\" data-id=\"d1bdd2a\" data-element_type=\"widget\" data-widget_type=\"breadcrumbs.default\">\n\t\t\t\t<div class=\"elementor-widget-container\">\n\t\t\t\t\t<p id=\"breadcrumbs\"><span><span><a href=\"https:\/\/archi.maibec.com\/fr\/\">Accueil<\/a><\/span><\/span><\/p>\t\t\t\t<\/div>\n\t\t\t\t<\/div>\n\t\t\t\t<\/div>\n\t\t<div class=\"elementor-element elementor-element-ce83eeb e-con-full container e-flex e-con e-child\" data-id=\"ce83eeb\" data-element_type=\"container\">\n\t\t<div class=\"elementor-element elementor-element-e8ac4fe e-con-full e-flex e-con e-child\" data-id=\"e8ac4fe\" data-element_type=\"container\">\n\t\t\t\t<div class=\"elementor-element elementor-element-8918f55 elementor-widget elementor-widget-heading\" data-id=\"8918f55\" data-element_type=\"widget\" data-widget_type=\"heading.default\">\n\t\t\t\t<div class=\"elementor-widget-container\">\n\t\t\t\t\t<h1 class=\"elementor-heading-title elementor-size-default\">D\u00e9veloppement durable<\/h1>\t\t\t\t<\/div>\n\t\t\t\t<\/div>\n\t\t\t\t<div class=\"elementor-element elementor-element-8020bdc elementor-widget elementor-widget-text-editor\" data-id=\"8020bdc\" data-element_type=\"widget\" data-widget_type=\"text-editor.default\">\n\t\t\t\t<div class=\"elementor-widget-container\">\n\t\t\t\t\t\t\t\t\t<p>Le d\u00e9veloppement durable fait partie int\u00e9grante des pr\u00e9occupations au quotidien de Maibec. \u00c0 travers les diff\u00e9rentes \u00e9tapes de la fabrication de ses produits, de la ressource au produit final, Maibec int\u00e8gre des pratiques empreintes d\u2019un constant souci de l\u2019environnement. Visiter <a href=\"https:\/\/maibec.com\/fr\/\">Maibec.com<\/a> pour en savoir plus sur notre engagement envers l&rsquo;\u00e9coresponsabilit\u00e9.<\/p>\n\t\t\t\t\t\t\t\t<\/div>\n\t\t\t\t<\/div>\n\t\t\t\t<\/div>\n\t\t\t\t<\/div>\n\t\t\t\t<\/div>\n\t\t<div class=\"elementor-element elementor-element-51d903c e-con-full e-flex e-con e-parent\" data-id=\"51d903c\" data-element_type=\"container\">\n\t\t<div class=\"elementor-element elementor-element-3b637d9 e-con-full container e-flex e-con e-child\" data-id=\"3b637d9\" data-element_type=\"container\">\n\t\t<div class=\"elementor-element elementor-element-852d35d e-con-full e-flex e-con e-child\" data-id=\"852d35d\" data-element_type=\"container\">\n\t\t\t\t<div class=\"elementor-element elementor-element-7171019 elementor-widget elementor-widget-image\" data-id=\"7171019\" data-element_type=\"widget\" data-widget_type=\"image.default\">\n\t\t\t\t<div class=\"elementor-widget-container\">\n\t\t\t\t\t\t\t\t\t\t\t\t\t\t\t<img decoding=\"async\" src=\"https:\/\/archi.maibec.com\/wp-content\/uploads\/elementor\/thumbs\/AIM-Recyclage-logo2-rj3ma0zf1a9j2m1ur1i1r3yz0isuiq308e5itw5a8w.png\" title=\"AIM-Recyclage-logo2\" alt=\"AIM-Recyclage-logo2\" loading=\"lazy\" \/>\t\t\t\t\t\t\t\t\t\t\t\t\t\t\t<\/div>\n\t\t\t\t<\/div>\n\t\t\t\t<div class=\"elementor-element elementor-element-b09a9a8 elementor-widget elementor-widget-text-editor\" data-id=\"b09a9a8\" data-element_type=\"widget\" data-widget_type=\"text-editor.default\">\n\t\t\t\t<div class=\"elementor-widget-container\">\n\t\t\t\t\t\t\t\t\t<h4><span data-teams=\"true\">Gestion responsable des mat\u00e9riaux<\/span><\/h4><p class=\"x_xxmsonormal\">Chez Maibec, nous accordons une grande importance \u00e0 la gestion responsable de nos mat\u00e9riaux. C\u2019est pourquoi nous collaborons avec AIM Recyclage, un leader nord-am\u00e9ricain reconnu dans le recyclage des m\u00e9taux. Gr\u00e2ce \u00e0 ce partenariat, nos rebuts d\u2019aluminium sont pris en charge et recycl\u00e9s de fa\u00e7on rigoureuse, contribuant \u00e0 la valorisation des ressources et \u00e0 la r\u00e9duction de notre empreinte environnementale.<\/p><p class=\"x_MsoNormal\">Dot\u00e9e d\u2019installations ultramodernes et d\u2019une expertise \u00e9prouv\u00e9e, AIM Recyclage transforme les m\u00e9taux en fin de vie en mati\u00e8res premi\u00e8res r\u00e9utilisables. Cette collaboration s\u2019inscrit pleinement dans notre engagement envers des pratiques durables et une \u00e9conomie plus circulaire.<\/p>\t\t\t\t\t\t\t\t<\/div>\n\t\t\t\t<\/div>\n\t\t\t\t<\/div>\n\t\t<div class=\"elementor-element elementor-element-fe071e2 e-con-full e-flex e-con e-child\" data-id=\"fe071e2\" data-element_type=\"container\">\n\t\t\t\t<div class=\"elementor-element elementor-element-fd8040b elementor-widget elementor-widget-image\" data-id=\"fd8040b\" data-element_type=\"widget\" data-widget_type=\"image.default\">\n\t\t\t\t<div class=\"elementor-widget-container\">\n\t\t\t\t\t\t\t\t\t\t\t\t\t\t\t<img fetchpriority=\"high\" decoding=\"async\" width=\"350\" height=\"144\" src=\"https:\/\/archi.maibec.com\/wp-content\/uploads\/2025\/06\/aluQc.png\" class=\"attachment-full size-full wp-image-5101\" alt=\"\" srcset=\"https:\/\/archi.maibec.com\/wp-content\/uploads\/2025\/06\/aluQc.png 350w, https:\/\/archi.maibec.com\/wp-content\/uploads\/2025\/06\/aluQc-300x123.png 300w\" sizes=\"(max-width: 350px) 100vw, 350px\" \/>\t\t\t\t\t\t\t\t\t\t\t\t\t\t\t<\/div>\n\t\t\t\t<\/div>\n\t\t\t\t<div class=\"elementor-element elementor-element-cf8ef39 elementor-widget elementor-widget-text-editor\" data-id=\"cf8ef39\" data-element_type=\"widget\" data-widget_type=\"text-editor.default\">\n\t\t\t\t<div class=\"elementor-widget-container\">\n\t\t\t\t\t\t\t\t\t<h4>D\u00e9claration environnementale de produit g\u00e9n\u00e9rique<\/h4><h5><strong>Notre adh\u00e9sion \u00e0 la d\u00e9marche AluQu\u00e9bec<\/strong><\/h5><p>En tant que membre d&rsquo;AluQu\u00e9bec, nous avons adh\u00e9r\u00e9 \u00e0 la d\u00e9marche de transparence environnementale de l&rsquo;industrie. Nos rev\u00eatements en aluminium sont couverts par la D\u00e9claration Environnementale de Produit (DEP) g\u00e9n\u00e9rique d&rsquo;AluQu\u00e9bec, garantissant une transparence totale sur leur performance environnementale.<\/p><p>Cette certification rigoureuse et reconnue permet d&rsquo;obtenir des cr\u00e9dits LEED pour les projets de construction, de valider la durabilit\u00e9 des choix de mat\u00e9riaux, de r\u00e9pondre aux exigences des programmes de certification environnementale et de contribuer aux points dans la cat\u00e9gorie \u00ab\u00a0Mat\u00e9riaux et ressources\u00a0\u00bb (LEED v4 et v4.1).<\/p>\t\t\t\t\t\t\t\t<\/div>\n\t\t\t\t<\/div>\n\t\t\t\t<div class=\"elementor-element elementor-element-a2888bc elementor-align-center elementor-widget elementor-widget-button\" data-id=\"a2888bc\" data-element_type=\"widget\" data-widget_type=\"button.default\">\n\t\t\t\t<div class=\"elementor-widget-container\">\n\t\t\t\t\t\t\t\t\t<div class=\"elementor-button-wrapper\">\n\t\t\t\t\t<a class=\"elementor-button elementor-button-link elementor-size-sm\" href=\"https:\/\/archi.maibec.com\/wp-content\/uploads\/2025\/05\/DEP-FR-1.pdf\" target=\"_blank\">\n\t\t\t\t\t\t<span class=\"elementor-button-content-wrapper\">\n\t\t\t\t\t\t\t\t\t<span class=\"elementor-button-text\">T\u00e9l\u00e9charger <\/span>\n\t\t\t\t\t<\/span>\n\t\t\t\t\t<\/a>\n\t\t\t\t<\/div>\n\t\t\t\t\t\t\t\t<\/div>\n\t\t\t\t<\/div>\n\t\t\t\t<\/div>\n\t\t\t\t<\/div>\n\t\t\t\t<\/div>\n\t\t<div class=\"elementor-element elementor-element-b562114 e-con-full e-flex e-con e-parent\" data-id=\"b562114\" data-element_type=\"container\">\n\t\t<div class=\"elementor-element elementor-element-1ab2391 e-con-full container e-flex e-con e-child\" data-id=\"1ab2391\" data-element_type=\"container\">\n\t\t<div class=\"elementor-element elementor-element-9108067 e-con-full e-flex e-con e-child\" data-id=\"9108067\" data-element_type=\"container\">\n\t\t\t\t<div class=\"elementor-element elementor-element-dc1cd6a elementor-widget elementor-widget-image\" data-id=\"dc1cd6a\" data-element_type=\"widget\" data-widget_type=\"image.default\">\n\t\t\t\t<div class=\"elementor-widget-container\">\n\t\t\t\t\t\t\t\t\t\t\t\t\t\t\t<img decoding=\"async\" src=\"https:\/\/archi.maibec.com\/wp-content\/uploads\/elementor\/thumbs\/HDP-1-r6pzblnp4yqld2sqop0wq9e7vvf96nf99vkkimlhuo.jpg\" title=\"HDP.jpg\" alt=\"HDP.jpg\" loading=\"lazy\" \/>\t\t\t\t\t\t\t\t\t\t\t\t\t\t\t<\/div>\n\t\t\t\t<\/div>\n\t\t\t\t<div class=\"elementor-element elementor-element-1e2ae2a elementor-widget elementor-widget-text-editor\" data-id=\"1e2ae2a\" data-element_type=\"widget\" data-widget_type=\"text-editor.default\">\n\t\t\t\t<div class=\"elementor-widget-container\">\n\t\t\t\t\t\t\t\t\t<div data-test-render-count=\"1\"><div class=\"group relative -tracking-[0.015em] pb-3\" data-is-streaming=\"false\"><div class=\"font-claude-message relative leading-[1.65rem] [&amp;_pre&gt;div]:bg-bg-000\/50 [&amp;_pre&gt;div]:border-0.5 [&amp;_pre&gt;div]:border-border-400 [&amp;_.ignore-pre-bg&gt;div]:bg-transparent [&amp;&gt;div&gt;div&gt;:is(p,blockquote,h1,h2,h3,h4,h5,h6)]:pl-2 [&amp;&gt;div&gt;div&gt;:is(p,blockquote,ul,ol,h1,h2,h3,h4,h5,h6)]:pr-8\"><div class=\"grid-cols-1 grid gap-2.5 [&amp;_&gt;_*]:min-w-0\"><h4>D\u00e9claration de Produit de Sant\u00e9 (HPD)<\/h4><p>Division 07 46 16<\/p><h5>Transparence et sant\u00e9 des occupants.<\/h5><p>Nos produits d&rsquo;aluminium au fini imprim\u00e9 incluent une D\u00e9claration de Produit de Sant\u00e9 (HPD) qui r\u00e9v\u00e8le leur composition d\u00e9taill\u00e9e et \u00e9value les impacts sur la sant\u00e9. Cette transparence permet aux professionnels de faire des choix \u00e9clair\u00e9s et facilite l&rsquo;obtention de cr\u00e9dits LEED, d\u00e9montrant notre engagement envers des environnements de construction plus sains.<\/p><p>Le document de d\u00e9claration peut \u00eatre fourni sur demande. Contactez-nous.\u00a0<\/p><\/div><\/div><\/div><\/div>\t\t\t\t\t\t\t\t<\/div>\n\t\t\t\t<\/div>\n\t\t\t\t<div class=\"elementor-element elementor-element-4177481 elementor-align-center elementor-widget elementor-widget-button\" data-id=\"4177481\" data-element_type=\"widget\" data-widget_type=\"button.default\">\n\t\t\t\t<div class=\"elementor-widget-container\">\n\t\t\t\t\t\t\t\t\t<div class=\"elementor-button-wrapper\">\n\t\t\t\t\t<a class=\"elementor-button elementor-button-link elementor-size-sm\" href=\"https:\/\/archi.maibec.com\/fr\/contact\/\" target=\"_blank\">\n\t\t\t\t\t\t<span class=\"elementor-button-content-wrapper\">\n\t\t\t\t\t\t\t\t\t<span class=\"elementor-button-text\">Contact<\/span>\n\t\t\t\t\t<\/span>\n\t\t\t\t\t<\/a>\n\t\t\t\t<\/div>\n\t\t\t\t\t\t\t\t<\/div>\n\t\t\t\t<\/div>\n\t\t\t\t<\/div>\n\t\t<div class=\"elementor-element elementor-element-52a7cdc e-con-full e-flex e-con e-child\" data-id=\"52a7cdc\" data-element_type=\"container\">\n\t\t\t\t<div class=\"elementor-element elementor-element-e27f7a3 elementor-widget elementor-widget-image\" data-id=\"e27f7a3\" data-element_type=\"widget\" data-widget_type=\"image.default\">\n\t\t\t\t<div class=\"elementor-widget-container\">\n\t\t\t\t\t\t\t\t\t\t\t\t\t\t\t<img decoding=\"async\" src=\"https:\/\/archi.maibec.com\/wp-content\/uploads\/2025\/06\/Eco-Friendly-1.svg\" title=\"Eco-Friendly.svg\" alt=\"Eco-Friendly.svg\" loading=\"lazy\" \/>\t\t\t\t\t\t\t\t\t\t\t\t\t\t\t<\/div>\n\t\t\t\t<\/div>\n\t\t\t\t<div class=\"elementor-element elementor-element-3ffc151 elementor-widget elementor-widget-text-editor\" data-id=\"3ffc151\" data-element_type=\"widget\" data-widget_type=\"text-editor.default\">\n\t\t\t\t<div class=\"elementor-widget-container\">\n\t\t\t\t\t\t\t\t\t<h4 data-start=\"97\" data-end=\"149\">Rev\u00eatement en poudre : une solution plus durable<\/h4><p data-start=\"151\" data-end=\"471\">Notre proc\u00e9d\u00e9 de peinture en poudre \u00e9lectrostatique s\u2019inscrit dans une d\u00e9marche de r\u00e9duction des impacts environnementaux. Sans solvants, il n\u2019\u00e9met aucun COV et n\u2019utilise pas de chrome hexavalent. La poudre exc\u00e9dentaire est r\u00e9cup\u00e9r\u00e9e et r\u00e9utilis\u00e9e.<\/p><p data-start=\"473\" data-end=\"644\">Comparativement \u00e0 la peinture liquide, ce proc\u00e9d\u00e9 g\u00e9n\u00e8re moins de d\u00e9chets, r\u00e9duit les \u00e9missions nocives et n\u00e9cessite moins de ressources pour le traitement des rejets.<\/p><p data-start=\"646\" data-end=\"937\">Le proc\u00e9d\u00e9 inclut \u00e9galement une gestion en circuit ferm\u00e9 de l\u2019eau utilis\u00e9e lors de la pr\u00e9paration de surface, r\u00e9duisant ainsi la consommation d\u2019eau potable et les rejets. Ce choix technologique contribue \u00e0 une production plus responsable, sans compromis sur la performance du rev\u00eatement.<\/p>\t\t\t\t\t\t\t\t<\/div>\n\t\t\t\t<\/div>\n\t\t\t\t<\/div>\n\t\t\t\t<\/div>\n\t\t\t\t<\/div>\n\t\t<div class=\"elementor-element elementor-element-7dda96d e-con-full e-flex e-con e-parent\" data-id=\"7dda96d\" data-element_type=\"container\" data-settings=\"{&quot;background_background&quot;:&quot;classic&quot;}\">\n\t\t<div class=\"elementor-element elementor-element-acafe7a e-con-full container e-flex e-con e-child\" data-id=\"acafe7a\" data-element_type=\"container\">\n\t\t<div class=\"elementor-element elementor-element-68dcd97 e-con-full e-flex e-con e-child\" data-id=\"68dcd97\" data-element_type=\"container\">\n\t\t\t\t<div class=\"elementor-element elementor-element-77e5115 elementor-testimonial--align-left swiper-rect elementor-testimonial--skin-default elementor-testimonial--layout-image_inline elementor-pagination-type-bullets elementor-widget elementor-widget-testimonial-carousel\" data-id=\"77e5115\" data-element_type=\"widget\" data-settings=\"{&quot;pagination&quot;:&quot;bullets&quot;,&quot;speed&quot;:500,&quot;autoplay&quot;:&quot;yes&quot;,&quot;autoplay_speed&quot;:5000,&quot;loop&quot;:&quot;yes&quot;,&quot;pause_on_hover&quot;:&quot;yes&quot;,&quot;pause_on_interaction&quot;:&quot;yes&quot;,&quot;space_between&quot;:{&quot;unit&quot;:&quot;px&quot;,&quot;size&quot;:10,&quot;sizes&quot;:[]},&quot;space_between_tablet&quot;:{&quot;unit&quot;:&quot;px&quot;,&quot;size&quot;:10,&quot;sizes&quot;:[]},&quot;space_between_mobile&quot;:{&quot;unit&quot;:&quot;px&quot;,&quot;size&quot;:10,&quot;sizes&quot;:[]}}\" data-widget_type=\"testimonial-carousel.default\">\n\t\t\t\t<div class=\"elementor-widget-container\">\n\t\t\t\t\t\t\t\t\t<div class=\"elementor-swiper\">\n\t\t\t\t\t<div class=\"elementor-main-swiper swiper\" role=\"region\" aria-roledescription=\"carousel\" aria-label=\"Diapositives\">\n\t\t\t\t<div class=\"swiper-wrapper\">\n\t\t\t\t\t\t\t\t\t\t\t<div class=\"swiper-slide\" role=\"group\" aria-roledescription=\"slide\">\n\t\t\t\t\t\t\t\t\t<div class=\"elementor-testimonial\">\n\t\t\t\t\t\t\t<div class=\"elementor-testimonial__content\">\n\t\t\t\t\t<div class=\"elementor-testimonial__text\">\n\t\t\t\t\t\t''Chez Maibec, nous sommes sensibilis\u00e9s aux \u00e9missions de COV. La majorit\u00e9 de nos enduits sont \u00e0 base d'eau et respectent les exigences du MELCC sur les COV. Nous effectuons \u00e9galement un suivi rigoureux de nos \u00e9missions atmosph\u00e9riques annuelles.\n\nNotre d\u00e9marche avec la peinture en poudre s'inscrit dans cette m\u00eame philosophie environnementale en \u00e9liminant compl\u00e8tement les COV de notre proc\u00e9d\u00e9 de finition pour les couleurs opaques. Cette approche coh\u00e9rente d\u00e9montre notre engagement envers des pratiques de fabrication responsables.''\t\t\t\t\t<\/div>\n\t\t\t\t\t\t\t\t\t<\/div>\n\t\t\t\t\t\t<div class=\"elementor-testimonial__footer\">\n\t\t\t\t\t\t\t\t<cite class=\"elementor-testimonial__cite\"><span class=\"elementor-testimonial__name\">Simon Tardif<\/span><span class=\"elementor-testimonial__title\">Charg\u00e9 de projet en environnement<\/span><\/cite>\t\t\t<\/div>\n\t\t<\/div>\n\t\t\t\t\t\t\t\t<\/div>\n\t\t\t\t\t\t\t\t\t\t\t<div class=\"swiper-slide\" role=\"group\" aria-roledescription=\"slide\">\n\t\t\t\t\t\t\t\t\t<div class=\"elementor-testimonial\">\n\t\t\t\t\t\t\t<div class=\"elementor-testimonial__content\">\n\t\t\t\t\t<div class=\"elementor-testimonial__text\">\n\t\t\t\t\t\t\"On r\u00e9utilise tous nos produits et sous-produits, depuis toujours. On transforme nos copeaux et nos \u00e9corces de c\u00e8dre en paillis, nous valorisons nos planures de sapin et \u00e9pinette en liti\u00e8re pour animaux, et lorsque nous avions des scieries, tous nos sous-produits \u00e9taient vendus aux papeti\u00e8res.\"\t\t\t\t\t<\/div>\n\t\t\t\t\t\t\t\t\t<\/div>\n\t\t\t\t\t\t<div class=\"elementor-testimonial__footer\">\n\t\t\t\t\t\t\t\t<cite class=\"elementor-testimonial__cite\"><span class=\"elementor-testimonial__name\">Patrick Labont\u00e9<\/span><span class=\"elementor-testimonial__title\">Pr\u00e9sident-Directeur-G\u00e9n\u00e9ral<\/span><\/cite>\t\t\t<\/div>\n\t\t<\/div>\n\t\t\t\t\t\t\t\t<\/div>\n\t\t\t\t\t\t\t\t\t\t\t<div class=\"swiper-slide\" role=\"group\" aria-roledescription=\"slide\">\n\t\t\t\t\t\t\t\t\t<div class=\"elementor-testimonial\">\n\t\t\t\t\t\t\t<div class=\"elementor-testimonial__content\">\n\t\t\t\t\t<div class=\"elementor-testimonial__text\">\n\t\t\t\t\t\t''En s'assurant que nos personnes en place aient les ESG en t\u00eate, on s'assure de les r\u00e9fl\u00e9chir dans tout ce qu'on fait.''\t\t\t\t\t<\/div>\n\t\t\t\t\t\t\t\t\t<\/div>\n\t\t\t\t\t\t<div class=\"elementor-testimonial__footer\">\n\t\t\t\t\t\t\t\t<cite class=\"elementor-testimonial__cite\"><span class=\"elementor-testimonial__name\">Patrick Labont\u00e9<\/span><span class=\"elementor-testimonial__title\">Pr\u00e9sident-Directeur-G\u00e9n\u00e9ral<\/span><\/cite>\t\t\t<\/div>\n\t\t<\/div>\n\t\t\t\t\t\t\t\t<\/div>\n\t\t\t\t\t\t\t\t\t\t\t<div class=\"swiper-slide\" role=\"group\" aria-roledescription=\"slide\">\n\t\t\t\t\t\t\t\t\t<div class=\"elementor-testimonial\">\n\t\t\t\t\t\t\t<div class=\"elementor-testimonial__content\">\n\t\t\t\t\t<div class=\"elementor-testimonial__text\">\n\t\t\t\t\t\t\"En 2025, AIM Recyclage a recycl\u00e9 plus de 4,6 millions de tonnes de m\u00e9taux.\"\t\t\t\t\t<\/div>\n\t\t\t\t\t\t\t\t\t<\/div>\n\t\t\t\t\t\t<div class=\"elementor-testimonial__footer\">\n\t\t\t\t\t\t\t\t<cite class=\"elementor-testimonial__cite\"><span class=\"elementor-testimonial__name\">Marc-Andr\u00e9 Cloutier <\/span><span class=\"elementor-testimonial__title\">AIM Recyclage<\/span><\/cite>\t\t\t<\/div>\n\t\t<\/div>\n\t\t\t\t\t\t\t\t<\/div>\n\t\t\t\t\t\t\t\t\t<\/div>\n\t\t\t\t\t\t\t\t\t\t\t\t\t\t\t\t\t\t\t\t<div class=\"swiper-pagination\"><\/div>\n\t\t\t\t\t\t\t\t\t\t\t\t<\/div>\n\t\t\t\t<\/div>\n\t\t\t\t\t\t\t\t<\/div>\n\t\t\t\t<\/div>\n\t\t\t\t<div class=\"elementor-element elementor-element-1ca6ddb elementor-align-center elementor-widget elementor-widget-button\" data-id=\"1ca6ddb\" data-element_type=\"widget\" data-widget_type=\"button.default\">\n\t\t\t\t<div class=\"elementor-widget-container\">\n\t\t\t\t\t\t\t\t\t<div class=\"elementor-button-wrapper\">\n\t\t\t\t\t<a class=\"elementor-button elementor-button-link elementor-size-sm\" href=\"https:\/\/maibec.com\/fr\/a-propos\/environnement-et-gouvernance\/\" target=\"_blank\">\n\t\t\t\t\t\t<span class=\"elementor-button-content-wrapper\">\n\t\t\t\t\t\t\t\t\t<span class=\"elementor-button-text\">Apprenez-en plus<\/span>\n\t\t\t\t\t<\/span>\n\t\t\t\t\t<\/a>\n\t\t\t\t<\/div>\n\t\t\t\t\t\t\t\t<\/div>\n\t\t\t\t<\/div>\n\t\t\t\t<\/div>\n\t\t\t\t<\/div>\n\t\t\t\t<\/div>\n\t\t\t\t<\/div>\n\t\t","protected":false},"excerpt":{"rendered":"<p>Gestion responsable des mat\u00e9riaux Chez Maibec, nous accordons une grande importance \u00e0 la gestion responsable de nos mat\u00e9riaux. C\u2019est pourquoi nous collaborons avec AIM Recyclage, un leader nord-am\u00e9ricain reconnu dans le recyclage des m\u00e9taux. Gr\u00e2ce \u00e0 ce partenariat, nos rebuts d\u2019aluminium sont pris en charge et recycl\u00e9s de fa\u00e7on rigoureuse, contribuant \u00e0 la valorisation des [&hellip;]<\/p>\n","protected":false},"author":1,"featured_media":0,"parent":0,"menu_order":0,"comment_status":"closed","ping_status":"closed","template":"","meta":{"_acf_changed":false,"inline_featured_image":false,"footnotes":""},"class_list":["post-2114","page","type-page","status-publish","hentry"],"acf":[],"yoast_head":"<!-- This site is optimized with the Yoast SEO plugin v25.2 - https:\/\/yoast.com\/wordpress\/plugins\/seo\/ -->\n<title>D\u00e9veloppement durable - Maibec Alu<\/title>\n<meta name=\"robots\" content=\"index, follow, max-snippet:-1, max-image-preview:large, max-video-preview:-1\" \/>\n<link rel=\"canonical\" href=\"https:\/\/archi.maibec.com\/fr\/developpement-durable\/\" \/>\n<meta property=\"og:locale\" content=\"fr_FR\" \/>\n<meta property=\"og:type\" content=\"article\" \/>\n<meta property=\"og:title\" content=\"D\u00e9veloppement durable - Maibec Alu\" \/>\n<meta property=\"og:description\" content=\"Gestion responsable des mat\u00e9riaux Chez Maibec, nous accordons une grande importance \u00e0 la gestion responsable de nos mat\u00e9riaux. C\u2019est pourquoi nous collaborons avec AIM Recyclage, un leader nord-am\u00e9ricain reconnu dans le recyclage des m\u00e9taux. Gr\u00e2ce \u00e0 ce partenariat, nos rebuts d\u2019aluminium sont pris en charge et recycl\u00e9s de fa\u00e7on rigoureuse, contribuant \u00e0 la valorisation des [&hellip;]\" \/>\n<meta property=\"og:url\" content=\"https:\/\/archi.maibec.com\/fr\/developpement-durable\/\" \/>\n<meta property=\"og:site_name\" content=\"Maibec Alu\" \/>\n<meta property=\"article:publisher\" content=\"https:\/\/www.facebook.com\/maibecinc\" \/>\n<meta property=\"article:modified_time\" content=\"2026-02-26T17:37:03+00:00\" \/>\n<meta property=\"og:image\" content=\"https:\/\/archi.maibec.com\/wp-content\/uploads\/elementor\/thumbs\/pawel-czerwinski-It65_5HA-I4-unsplash-scaled-r6py49c0f84plz18lx2g0fb5p23uk1grjfy9vn5l7k.jpg\" \/>\n<meta name=\"twitter:card\" content=\"summary_large_image\" \/>\n<meta name=\"twitter:label1\" content=\"Dur\u00e9e de lecture estim\u00e9e\" \/>\n\t<meta name=\"twitter:data1\" content=\"5 minutes\" \/>\n<script type=\"application\/ld+json\" class=\"yoast-schema-graph\">{\"@context\":\"https:\/\/schema.org\",\"@graph\":[{\"@type\":\"WebPage\",\"@id\":\"https:\/\/archi.maibec.com\/fr\/developpement-durable\/\",\"url\":\"https:\/\/archi.maibec.com\/fr\/developpement-durable\/\",\"name\":\"D\u00e9veloppement durable - Maibec Alu\",\"isPartOf\":{\"@id\":\"https:\/\/archi.maibec.com\/#website\"},\"primaryImageOfPage\":{\"@id\":\"https:\/\/archi.maibec.com\/fr\/developpement-durable\/#primaryimage\"},\"image\":{\"@id\":\"https:\/\/archi.maibec.com\/fr\/developpement-durable\/#primaryimage\"},\"thumbnailUrl\":\"https:\/\/archi.maibec.com\/wp-content\/uploads\/elementor\/thumbs\/pawel-czerwinski-It65_5HA-I4-unsplash-scaled-r6py49c0f84plz18lx2g0fb5p23uk1grjfy9vn5l7k.jpg\",\"datePublished\":\"2025-03-28T19:19:17+00:00\",\"dateModified\":\"2026-02-26T17:37:03+00:00\",\"breadcrumb\":{\"@id\":\"https:\/\/archi.maibec.com\/fr\/developpement-durable\/#breadcrumb\"},\"inLanguage\":\"fr-FR\",\"potentialAction\":[{\"@type\":\"ReadAction\",\"target\":[\"https:\/\/archi.maibec.com\/fr\/developpement-durable\/\"]}]},{\"@type\":\"ImageObject\",\"inLanguage\":\"fr-FR\",\"@id\":\"https:\/\/archi.maibec.com\/fr\/developpement-durable\/#primaryimage\",\"url\":\"https:\/\/archi.maibec.com\/wp-content\/uploads\/elementor\/thumbs\/pawel-czerwinski-It65_5HA-I4-unsplash-scaled-r6py49c0f84plz18lx2g0fb5p23uk1grjfy9vn5l7k.jpg\",\"contentUrl\":\"https:\/\/archi.maibec.com\/wp-content\/uploads\/elementor\/thumbs\/pawel-czerwinski-It65_5HA-I4-unsplash-scaled-r6py49c0f84plz18lx2g0fb5p23uk1grjfy9vn5l7k.jpg\"},{\"@type\":\"BreadcrumbList\",\"@id\":\"https:\/\/archi.maibec.com\/fr\/developpement-durable\/#breadcrumb\",\"itemListElement\":[{\"@type\":\"ListItem\",\"position\":1,\"name\":\"Accueil\",\"item\":\"https:\/\/archi.maibec.com\/fr\/\"},{\"@type\":\"ListItem\",\"position\":2,\"name\":\"D\u00e9veloppement durable\"}]},{\"@type\":\"WebSite\",\"@id\":\"https:\/\/archi.maibec.com\/#website\",\"url\":\"https:\/\/archi.maibec.com\/\",\"name\":\"Maibec\",\"description\":\"\",\"publisher\":{\"@id\":\"https:\/\/archi.maibec.com\/#organization\"},\"potentialAction\":[{\"@type\":\"SearchAction\",\"target\":{\"@type\":\"EntryPoint\",\"urlTemplate\":\"https:\/\/archi.maibec.com\/?s={search_term_string}\"},\"query-input\":{\"@type\":\"PropertyValueSpecification\",\"valueRequired\":true,\"valueName\":\"search_term_string\"}}],\"inLanguage\":\"fr-FR\"},{\"@type\":\"Organization\",\"@id\":\"https:\/\/archi.maibec.com\/#organization\",\"name\":\"Maibec\",\"url\":\"https:\/\/archi.maibec.com\/\",\"logo\":{\"@type\":\"ImageObject\",\"inLanguage\":\"fr-FR\",\"@id\":\"https:\/\/archi.maibec.com\/#\/schema\/logo\/image\/\",\"url\":\"https:\/\/archi.maibec.com\/wp-content\/uploads\/2025\/03\/maibec-logo.png\",\"contentUrl\":\"https:\/\/archi.maibec.com\/wp-content\/uploads\/2025\/03\/maibec-logo.png\",\"width\":1197,\"height\":824,\"caption\":\"Maibec\"},\"image\":{\"@id\":\"https:\/\/archi.maibec.com\/#\/schema\/logo\/image\/\"},\"sameAs\":[\"https:\/\/www.facebook.com\/maibecinc\",\"https:\/\/www.instagram.com\/maibecinc\/\",\"https:\/\/www.youtube.com\/c\/Maibec\",\"https:\/\/ca.linkedin.com\/company\/maibec-inc.\",\"https:\/\/www.houzz.com\/professionals\/building-supplies\/maibec-pfvwus-pf~1737476904\"]}]}<\/script>\n<!-- \/ Yoast SEO plugin. -->","yoast_head_json":{"title":"D\u00e9veloppement durable - Maibec Alu","robots":{"index":"index","follow":"follow","max-snippet":"max-snippet:-1","max-image-preview":"max-image-preview:large","max-video-preview":"max-video-preview:-1"},"canonical":"https:\/\/archi.maibec.com\/fr\/developpement-durable\/","og_locale":"fr_FR","og_type":"article","og_title":"D\u00e9veloppement durable - Maibec Alu","og_description":"Gestion responsable des mat\u00e9riaux Chez Maibec, nous accordons une grande importance \u00e0 la gestion responsable de nos mat\u00e9riaux. C\u2019est pourquoi nous collaborons avec AIM Recyclage, un leader nord-am\u00e9ricain reconnu dans le recyclage des m\u00e9taux. Gr\u00e2ce \u00e0 ce partenariat, nos rebuts d\u2019aluminium sont pris en charge et recycl\u00e9s de fa\u00e7on rigoureuse, contribuant \u00e0 la valorisation des [&hellip;]","og_url":"https:\/\/archi.maibec.com\/fr\/developpement-durable\/","og_site_name":"Maibec Alu","article_publisher":"https:\/\/www.facebook.com\/maibecinc","article_modified_time":"2026-02-26T17:37:03+00:00","og_image":[{"url":"https:\/\/archi.maibec.com\/wp-content\/uploads\/elementor\/thumbs\/pawel-czerwinski-It65_5HA-I4-unsplash-scaled-r6py49c0f84plz18lx2g0fb5p23uk1grjfy9vn5l7k.jpg","type":"","width":"","height":""}],"twitter_card":"summary_large_image","twitter_misc":{"Dur\u00e9e de lecture estim\u00e9e":"5 minutes"},"schema":{"@context":"https:\/\/schema.org","@graph":[{"@type":"WebPage","@id":"https:\/\/archi.maibec.com\/fr\/developpement-durable\/","url":"https:\/\/archi.maibec.com\/fr\/developpement-durable\/","name":"D\u00e9veloppement durable - Maibec Alu","isPartOf":{"@id":"https:\/\/archi.maibec.com\/#website"},"primaryImageOfPage":{"@id":"https:\/\/archi.maibec.com\/fr\/developpement-durable\/#primaryimage"},"image":{"@id":"https:\/\/archi.maibec.com\/fr\/developpement-durable\/#primaryimage"},"thumbnailUrl":"https:\/\/archi.maibec.com\/wp-content\/uploads\/elementor\/thumbs\/pawel-czerwinski-It65_5HA-I4-unsplash-scaled-r6py49c0f84plz18lx2g0fb5p23uk1grjfy9vn5l7k.jpg","datePublished":"2025-03-28T19:19:17+00:00","dateModified":"2026-02-26T17:37:03+00:00","breadcrumb":{"@id":"https:\/\/archi.maibec.com\/fr\/developpement-durable\/#breadcrumb"},"inLanguage":"fr-FR","potentialAction":[{"@type":"ReadAction","target":["https:\/\/archi.maibec.com\/fr\/developpement-durable\/"]}]},{"@type":"ImageObject","inLanguage":"fr-FR","@id":"https:\/\/archi.maibec.com\/fr\/developpement-durable\/#primaryimage","url":"https:\/\/archi.maibec.com\/wp-content\/uploads\/elementor\/thumbs\/pawel-czerwinski-It65_5HA-I4-unsplash-scaled-r6py49c0f84plz18lx2g0fb5p23uk1grjfy9vn5l7k.jpg","contentUrl":"https:\/\/archi.maibec.com\/wp-content\/uploads\/elementor\/thumbs\/pawel-czerwinski-It65_5HA-I4-unsplash-scaled-r6py49c0f84plz18lx2g0fb5p23uk1grjfy9vn5l7k.jpg"},{"@type":"BreadcrumbList","@id":"https:\/\/archi.maibec.com\/fr\/developpement-durable\/#breadcrumb","itemListElement":[{"@type":"ListItem","position":1,"name":"Accueil","item":"https:\/\/archi.maibec.com\/fr\/"},{"@type":"ListItem","position":2,"name":"D\u00e9veloppement durable"}]},{"@type":"WebSite","@id":"https:\/\/archi.maibec.com\/#website","url":"https:\/\/archi.maibec.com\/","name":"Maibec","description":"","publisher":{"@id":"https:\/\/archi.maibec.com\/#organization"},"potentialAction":[{"@type":"SearchAction","target":{"@type":"EntryPoint","urlTemplate":"https:\/\/archi.maibec.com\/?s={search_term_string}"},"query-input":{"@type":"PropertyValueSpecification","valueRequired":true,"valueName":"search_term_string"}}],"inLanguage":"fr-FR"},{"@type":"Organization","@id":"https:\/\/archi.maibec.com\/#organization","name":"Maibec","url":"https:\/\/archi.maibec.com\/","logo":{"@type":"ImageObject","inLanguage":"fr-FR","@id":"https:\/\/archi.maibec.com\/#\/schema\/logo\/image\/","url":"https:\/\/archi.maibec.com\/wp-content\/uploads\/2025\/03\/maibec-logo.png","contentUrl":"https:\/\/archi.maibec.com\/wp-content\/uploads\/2025\/03\/maibec-logo.png","width":1197,"height":824,"caption":"Maibec"},"image":{"@id":"https:\/\/archi.maibec.com\/#\/schema\/logo\/image\/"},"sameAs":["https:\/\/www.facebook.com\/maibecinc","https:\/\/www.instagram.com\/maibecinc\/","https:\/\/www.youtube.com\/c\/Maibec","https:\/\/ca.linkedin.com\/company\/maibec-inc.","https:\/\/www.houzz.com\/professionals\/building-supplies\/maibec-pfvwus-pf~1737476904"]}]}},"_links":{"self":[{"href":"https:\/\/archi.maibec.com\/fr\/wp-json\/wp\/v2\/pages\/2114","targetHints":{"allow":["GET"]}}],"collection":[{"href":"https:\/\/archi.maibec.com\/fr\/wp-json\/wp\/v2\/pages"}],"about":[{"href":"https:\/\/archi.maibec.com\/fr\/wp-json\/wp\/v2\/types\/page"}],"author":[{"embeddable":true,"href":"https:\/\/archi.maibec.com\/fr\/wp-json\/wp\/v2\/users\/1"}],"replies":[{"embeddable":true,"href":"https:\/\/archi.maibec.com\/fr\/wp-json\/wp\/v2\/comments?post=2114"}],"version-history":[{"count":0,"href":"https:\/\/archi.maibec.com\/fr\/wp-json\/wp\/v2\/pages\/2114\/revisions"}],"wp:attachment":[{"href":"https:\/\/archi.maibec.com\/fr\/wp-json\/wp\/v2\/media?parent=2114"}],"curies":[{"name":"wp","href":"https:\/\/api.w.org\/{rel}","templated":true}]}}